{"id":1413,"date":"2022-07-16T16:21:29","date_gmt":"2022-07-16T16:21:29","guid":{"rendered":"https:\/\/reformances.com\/fr\/?post_type=portfolio&#038;p=1413"},"modified":"2023-09-16T16:30:32","modified_gmt":"2023-09-16T16:30:32","slug":"paz-la-carapace","status":"publish","type":"portfolio","link":"https:\/\/reformances.com\/fr\/portfolio-archive\/paz-la-carapace\/","title":{"rendered":"Paz la carapace"},"content":{"rendered":"\t\t<div data-elementor-type=\"wp-post\" data-elementor-id=\"1413\" class=\"elementor elementor-1413\">\n\t\t\t\t<div class=\"elementor-element elementor-element-ed68873 e-flex e-con-boxed e-con e-parent\" data-id=\"ed68873\" data-element_type=\"container\" data-e-type=\"container\">\n\t\t\t\t\t<div class=\"e-con-inner\">\n\t\t\t\t<div class=\"elementor-element elementor-element-d050cc9 elementor-widget elementor-widget-text-editor\" data-id=\"d050cc9\" data-element_type=\"widget\" data-e-type=\"widget\" data-widget_type=\"text-editor.default\">\n\t\t\t\t<div class=\"elementor-widget-container\">\n\t\t\t\t\t\t\t\t\t<div class=\"page\" title=\"Page 1\"><div class=\"section\"><div class=\"layoutArea\"><div class=\"column\"><div class=\"page\" title=\"Page 1\"><div class=\"section\"><div class=\"layoutArea\"><div class=\"column\"><p>[ Un spectacle musical, une rencontre entre le violoncelle et le daf pour petits et grands ] ( 30 mins )<\/p><\/div><p>\u00a0<\/p><\/div><\/div><\/div><p style=\"text-align: justify;\">C\u2019est l\u2019histoire d\u2019une tortue qui parcourt le monde. Dans son voyage, a\u0300 travers plusieurs e\u0301preuves, le chant, la musique et la danse, elle acquiert plus de connaissances et par conse\u0301quent plus de conscience sur elle et sur le monde qui l&#8217;entoure.<\/p><p style=\"text-align: justify;\">Parfois, il faut sortir de sa carapace pour de\u0301couvrir le monde dans lequel nous vivons et parfois il faut rentrer dans sa carapace pour se prote\u0301ger. Comme une petite tortue, il faut cheminer doucement mais su\u0302rement.<\/p><p style=\"text-align: justify;\">L\u2019Art pourrait e\u0302tre cette carapace collective, cet espace dans lequel nous nous retrouvons pour questionner le monde, un lieu d\u2019e\u0301change d\u2019ou\u0300 l\u2019on sort parfois avec plus des questions et parfois avec quelques re\u0301ponses.<\/p><p style=\"text-align: justify;\">La carapace, notre jardin secret, ce monde inte\u0301rieur dans lequel chaque e\u0302tre humain peut se questionner a\u0300 travers son parcours, une maison remplie de nos histoires, de nos doutes et de nos re\u0302ves&#8230; sortons de notre carapace pour les partager!<\/p><p style=\"text-align: justify;\">Avec<br \/>Laura Caronni- Violoncelle, chant Afshin Ghaffarian- Daf, chant et danse.<\/p><\/div><\/div><\/div><\/div>\t\t\t\t\t\t\t\t<\/div>\n\t\t\t\t<\/div>\n\t\t\t\t\t<\/div>\n\t\t\t\t<\/div>\n\t\t\t\t<\/div>\n\t\t","protected":false},"featured_media":1414,"menu_order":0,"template":"","portfolio_categories":[56],"portfolio_tags":[],"class_list":["post-1413","portfolio","type-portfolio","status-publish","has-post-thumbnail","hentry","portfolio_categories-danse-theatre"],"acf":[],"yoast_head":"<!-- This site is optimized with the Yoast SEO plugin v27.5 - https:\/\/yoast.com\/product\/yoast-seo-wordpress\/ -->\n<title>Paz la carapace - R\u00e9formances | Afshin Ghaffarian<\/title>\n<meta name=\"robots\" content=\"index, follow, max-snippet:-1, max-image-preview:large, max-video-preview:-1\" \/>\n<link rel=\"canonical\" href=\"https:\/\/reformances.com\/fr\/portfolio-archive\/paz-la-carapace\/\" \/>\n<meta property=\"og:locale\" content=\"fr_FR\" \/>\n<meta property=\"og:type\" content=\"article\" \/>\n<meta property=\"og:title\" content=\"Paz la carapace - R\u00e9formances | Afshin Ghaffarian\" \/>\n<meta property=\"og:description\" content=\"[ Un spectacle musical, une rencontre entre le violoncelle et le daf pour petits et grands ] ( 30 mins...\" \/>\n<meta property=\"og:url\" content=\"https:\/\/reformances.com\/fr\/portfolio-archive\/paz-la-carapace\/\" \/>\n<meta property=\"og:site_name\" content=\"R\u00e9formances | Afshin Ghaffarian\" \/>\n<meta property=\"article:publisher\" content=\"https:\/\/www.facebook.com\/a.ghaffarian\" \/>\n<meta property=\"article:modified_time\" content=\"2023-09-16T16:30:32+00:00\" \/>\n<meta property=\"og:image\" content=\"https:\/\/reformances.com\/fr\/wp-content\/uploads\/2023\/09\/paz-la-carapace-scaled.jpeg\" \/>\n\t<meta property=\"og:image:width\" content=\"1577\" \/>\n\t<meta property=\"og:image:height\" content=\"2560\" \/>\n\t<meta property=\"og:image:type\" content=\"image\/jpeg\" \/>\n<meta name=\"twitter:card\" content=\"summary_large_image\" \/>\n<meta name=\"twitter:site\" content=\"@AfshinGhafarian\" \/>\n<meta name=\"twitter:label1\" content=\"Dur\u00e9e de lecture estim\u00e9e\" \/>\n\t<meta name=\"twitter:data1\" content=\"1 minute\" \/>\n<script type=\"application\/ld+json\" class=\"yoast-schema-graph\">{\"@context\":\"https:\\\/\\\/schema.org\",\"@graph\":[{\"@type\":\"WebPage\",\"@id\":\"https:\\\/\\\/reformances.com\\\/fr\\\/portfolio-archive\\\/paz-la-carapace\\\/\",\"url\":\"https:\\\/\\\/reformances.com\\\/fr\\\/portfolio-archive\\\/paz-la-carapace\\\/\",\"name\":\"Paz la carapace - R\u00e9formances | Afshin Ghaffarian\",\"isPartOf\":{\"@id\":\"https:\\\/\\\/reformances.com\\\/fr\\\/#website\"},\"primaryImageOfPage\":{\"@id\":\"https:\\\/\\\/reformances.com\\\/fr\\\/portfolio-archive\\\/paz-la-carapace\\\/#primaryimage\"},\"image\":{\"@id\":\"https:\\\/\\\/reformances.com\\\/fr\\\/portfolio-archive\\\/paz-la-carapace\\\/#primaryimage\"},\"thumbnailUrl\":\"https:\\\/\\\/reformances.com\\\/fr\\\/wp-content\\\/uploads\\\/2023\\\/09\\\/paz-la-carapace-scaled.jpeg\",\"datePublished\":\"2022-07-16T16:21:29+00:00\",\"dateModified\":\"2023-09-16T16:30:32+00:00\",\"breadcrumb\":{\"@id\":\"https:\\\/\\\/reformances.com\\\/fr\\\/portfolio-archive\\\/paz-la-carapace\\\/#breadcrumb\"},\"inLanguage\":\"fr-FR\",\"potentialAction\":[{\"@type\":\"ReadAction\",\"target\":[\"https:\\\/\\\/reformances.com\\\/fr\\\/portfolio-archive\\\/paz-la-carapace\\\/\"]}]},{\"@type\":\"ImageObject\",\"inLanguage\":\"fr-FR\",\"@id\":\"https:\\\/\\\/reformances.com\\\/fr\\\/portfolio-archive\\\/paz-la-carapace\\\/#primaryimage\",\"url\":\"https:\\\/\\\/reformances.com\\\/fr\\\/wp-content\\\/uploads\\\/2023\\\/09\\\/paz-la-carapace-scaled.jpeg\",\"contentUrl\":\"https:\\\/\\\/reformances.com\\\/fr\\\/wp-content\\\/uploads\\\/2023\\\/09\\\/paz-la-carapace-scaled.jpeg\",\"width\":1577,\"height\":2560},{\"@type\":\"BreadcrumbList\",\"@id\":\"https:\\\/\\\/reformances.com\\\/fr\\\/portfolio-archive\\\/paz-la-carapace\\\/#breadcrumb\",\"itemListElement\":[{\"@type\":\"ListItem\",\"position\":1,\"name\":\"Accueil\",\"item\":\"https:\\\/\\\/reformances.com\\\/fr\\\/\"},{\"@type\":\"ListItem\",\"position\":2,\"name\":\"Portfolio\",\"item\":\"https:\\\/\\\/reformances.com\\\/fr\\\/portfolio-archive\\\/\"},{\"@type\":\"ListItem\",\"position\":3,\"name\":\"Paz la carapace\"}]},{\"@type\":\"WebSite\",\"@id\":\"https:\\\/\\\/reformances.com\\\/fr\\\/#website\",\"url\":\"https:\\\/\\\/reformances.com\\\/fr\\\/\",\"name\":\"R\u00e9formances | Afshin Ghaffarian\",\"description\":\"danse | th\u00e9\u00e2tre\",\"publisher\":{\"@id\":\"https:\\\/\\\/reformances.com\\\/fr\\\/#\\\/schema\\\/person\\\/2314e7b83785831ca875e980b2d2366c\"},\"potentialAction\":[{\"@type\":\"SearchAction\",\"target\":{\"@type\":\"EntryPoint\",\"urlTemplate\":\"https:\\\/\\\/reformances.com\\\/fr\\\/?s={search_term_string}\"},\"query-input\":{\"@type\":\"PropertyValueSpecification\",\"valueRequired\":true,\"valueName\":\"search_term_string\"}}],\"inLanguage\":\"fr-FR\"},{\"@type\":[\"Person\",\"Organization\"],\"@id\":\"https:\\\/\\\/reformances.com\\\/fr\\\/#\\\/schema\\\/person\\\/2314e7b83785831ca875e980b2d2366c\",\"name\":\"afshin\",\"image\":{\"@type\":\"ImageObject\",\"inLanguage\":\"fr-FR\",\"@id\":\"https:\\\/\\\/reformances.com\\\/fr\\\/wp-content\\\/uploads\\\/2024\\\/03\\\/Reformances-e1687476443192-300x248-2.jpeg\",\"url\":\"https:\\\/\\\/reformances.com\\\/fr\\\/wp-content\\\/uploads\\\/2024\\\/03\\\/Reformances-e1687476443192-300x248-2.jpeg\",\"contentUrl\":\"https:\\\/\\\/reformances.com\\\/fr\\\/wp-content\\\/uploads\\\/2024\\\/03\\\/Reformances-e1687476443192-300x248-2.jpeg\",\"width\":696,\"height\":696,\"caption\":\"afshin\"},\"logo\":{\"@id\":\"https:\\\/\\\/reformances.com\\\/fr\\\/wp-content\\\/uploads\\\/2024\\\/03\\\/Reformances-e1687476443192-300x248-2.jpeg\"},\"description\":\"Afshin Ghaffarian est un chor\u00e9graphe, metteur en sc\u00e8ne, danseur et acteur iranien. Il est directeur de la compagnie des R\u00e9formances. \\\"Desert Dancer\\\" est un film de 2014 inspir\u00e9 de sa vie.\",\"sameAs\":[\"http:\\\/\\\/reformances.com\\\/fr\",\"https:\\\/\\\/www.facebook.com\\\/a.ghaffarian\",\"https:\\\/\\\/www.instagram.com\\\/afshinghaffarian\",\"https:\\\/\\\/www.linkedin.com\\\/in\\\/afshin-ghaffarian\\\/\",\"https:\\\/\\\/x.com\\\/AfshinGhafarian\",\"https:\\\/\\\/www.youtube.com\\\/user\\\/afshingh\",\"https:\\\/\\\/en.wikipedia.org\\\/wiki\\\/Afshin_Ghaffarian\"]}]}<\/script>\n<!-- \/ Yoast SEO plugin. -->","yoast_head_json":{"title":"Paz la carapace - R\u00e9formances | Afshin Ghaffarian","robots":{"index":"index","follow":"follow","max-snippet":"max-snippet:-1","max-image-preview":"max-image-preview:large","max-video-preview":"max-video-preview:-1"},"canonical":"https:\/\/reformances.com\/fr\/portfolio-archive\/paz-la-carapace\/","og_locale":"fr_FR","og_type":"article","og_title":"Paz la carapace - R\u00e9formances | Afshin Ghaffarian","og_description":"[ Un spectacle musical, une rencontre entre le violoncelle et le daf pour petits et grands ] ( 30 mins...","og_url":"https:\/\/reformances.com\/fr\/portfolio-archive\/paz-la-carapace\/","og_site_name":"R\u00e9formances | Afshin Ghaffarian","article_publisher":"https:\/\/www.facebook.com\/a.ghaffarian","article_modified_time":"2023-09-16T16:30:32+00:00","og_image":[{"width":1577,"height":2560,"url":"https:\/\/reformances.com\/fr\/wp-content\/uploads\/2023\/09\/paz-la-carapace-scaled.jpeg","type":"image\/jpeg"}],"twitter_card":"summary_large_image","twitter_site":"@AfshinGhafarian","twitter_misc":{"Dur\u00e9e de lecture estim\u00e9e":"1 minute"},"schema":{"@context":"https:\/\/schema.org","@graph":[{"@type":"WebPage","@id":"https:\/\/reformances.com\/fr\/portfolio-archive\/paz-la-carapace\/","url":"https:\/\/reformances.com\/fr\/portfolio-archive\/paz-la-carapace\/","name":"Paz la carapace - R\u00e9formances | Afshin Ghaffarian","isPartOf":{"@id":"https:\/\/reformances.com\/fr\/#website"},"primaryImageOfPage":{"@id":"https:\/\/reformances.com\/fr\/portfolio-archive\/paz-la-carapace\/#primaryimage"},"image":{"@id":"https:\/\/reformances.com\/fr\/portfolio-archive\/paz-la-carapace\/#primaryimage"},"thumbnailUrl":"https:\/\/reformances.com\/fr\/wp-content\/uploads\/2023\/09\/paz-la-carapace-scaled.jpeg","datePublished":"2022-07-16T16:21:29+00:00","dateModified":"2023-09-16T16:30:32+00:00","breadcrumb":{"@id":"https:\/\/reformances.com\/fr\/portfolio-archive\/paz-la-carapace\/#breadcrumb"},"inLanguage":"fr-FR","potentialAction":[{"@type":"ReadAction","target":["https:\/\/reformances.com\/fr\/portfolio-archive\/paz-la-carapace\/"]}]},{"@type":"ImageObject","inLanguage":"fr-FR","@id":"https:\/\/reformances.com\/fr\/portfolio-archive\/paz-la-carapace\/#primaryimage","url":"https:\/\/reformances.com\/fr\/wp-content\/uploads\/2023\/09\/paz-la-carapace-scaled.jpeg","contentUrl":"https:\/\/reformances.com\/fr\/wp-content\/uploads\/2023\/09\/paz-la-carapace-scaled.jpeg","width":1577,"height":2560},{"@type":"BreadcrumbList","@id":"https:\/\/reformances.com\/fr\/portfolio-archive\/paz-la-carapace\/#breadcrumb","itemListElement":[{"@type":"ListItem","position":1,"name":"Accueil","item":"https:\/\/reformances.com\/fr\/"},{"@type":"ListItem","position":2,"name":"Portfolio","item":"https:\/\/reformances.com\/fr\/portfolio-archive\/"},{"@type":"ListItem","position":3,"name":"Paz la carapace"}]},{"@type":"WebSite","@id":"https:\/\/reformances.com\/fr\/#website","url":"https:\/\/reformances.com\/fr\/","name":"R\u00e9formances | Afshin Ghaffarian","description":"danse | th\u00e9\u00e2tre","publisher":{"@id":"https:\/\/reformances.com\/fr\/#\/schema\/person\/2314e7b83785831ca875e980b2d2366c"},"potentialAction":[{"@type":"SearchAction","target":{"@type":"EntryPoint","urlTemplate":"https:\/\/reformances.com\/fr\/?s={search_term_string}"},"query-input":{"@type":"PropertyValueSpecification","valueRequired":true,"valueName":"search_term_string"}}],"inLanguage":"fr-FR"},{"@type":["Person","Organization"],"@id":"https:\/\/reformances.com\/fr\/#\/schema\/person\/2314e7b83785831ca875e980b2d2366c","name":"afshin","image":{"@type":"ImageObject","inLanguage":"fr-FR","@id":"https:\/\/reformances.com\/fr\/wp-content\/uploads\/2024\/03\/Reformances-e1687476443192-300x248-2.jpeg","url":"https:\/\/reformances.com\/fr\/wp-content\/uploads\/2024\/03\/Reformances-e1687476443192-300x248-2.jpeg","contentUrl":"https:\/\/reformances.com\/fr\/wp-content\/uploads\/2024\/03\/Reformances-e1687476443192-300x248-2.jpeg","width":696,"height":696,"caption":"afshin"},"logo":{"@id":"https:\/\/reformances.com\/fr\/wp-content\/uploads\/2024\/03\/Reformances-e1687476443192-300x248-2.jpeg"},"description":"Afshin Ghaffarian est un chor\u00e9graphe, metteur en sc\u00e8ne, danseur et acteur iranien. Il est directeur de la compagnie des R\u00e9formances. \"Desert Dancer\" est un film de 2014 inspir\u00e9 de sa vie.","sameAs":["http:\/\/reformances.com\/fr","https:\/\/www.facebook.com\/a.ghaffarian","https:\/\/www.instagram.com\/afshinghaffarian","https:\/\/www.linkedin.com\/in\/afshin-ghaffarian\/","https:\/\/x.com\/AfshinGhafarian","https:\/\/www.youtube.com\/user\/afshingh","https:\/\/en.wikipedia.org\/wiki\/Afshin_Ghaffarian"]}]}},"_links":{"self":[{"href":"https:\/\/reformances.com\/fr\/wp-json\/wp\/v2\/portfolio\/1413","targetHints":{"allow":["GET"]}}],"collection":[{"href":"https:\/\/reformances.com\/fr\/wp-json\/wp\/v2\/portfolio"}],"about":[{"href":"https:\/\/reformances.com\/fr\/wp-json\/wp\/v2\/types\/portfolio"}],"version-history":[{"count":8,"href":"https:\/\/reformances.com\/fr\/wp-json\/wp\/v2\/portfolio\/1413\/revisions"}],"predecessor-version":[{"id":1422,"href":"https:\/\/reformances.com\/fr\/wp-json\/wp\/v2\/portfolio\/1413\/revisions\/1422"}],"wp:featuredmedia":[{"embeddable":true,"href":"https:\/\/reformances.com\/fr\/wp-json\/wp\/v2\/media\/1414"}],"wp:attachment":[{"href":"https:\/\/reformances.com\/fr\/wp-json\/wp\/v2\/media?parent=1413"}],"wp:term":[{"taxonomy":"portfolio_categories","embeddable":true,"href":"https:\/\/reformances.com\/fr\/wp-json\/wp\/v2\/portfolio_categories?post=1413"},{"taxonomy":"portfolio_tags","embeddable":true,"href":"https:\/\/reformances.com\/fr\/wp-json\/wp\/v2\/portfolio_tags?post=1413"}],"curies":[{"name":"wp","href":"https:\/\/api.w.org\/{rel}","templated":true}]}}