{"id":685,"date":"2023-06-23T11:34:17","date_gmt":"2023-06-23T11:34:17","guid":{"rendered":"http:\/\/reformances.com\/fr\/?post_type=portfolio&#038;p=685"},"modified":"2023-08-15T10:53:24","modified_gmt":"2023-08-15T10:53:24","slug":"portrait-dun-danseur-en-exil","status":"publish","type":"portfolio","link":"https:\/\/reformances.com\/fr\/portfolio-archive\/portrait-dun-danseur-en-exil\/","title":{"rendered":"Portrait d&#8217;un danseur en exil"},"content":{"rendered":"\t\t<div data-elementor-type=\"wp-post\" data-elementor-id=\"685\" class=\"elementor elementor-685\">\n\t\t\t\t<div class=\"elementor-element elementor-element-c1a9399 e-flex e-con-boxed e-con e-parent\" data-id=\"c1a9399\" data-element_type=\"container\" data-e-type=\"container\">\n\t\t\t\t\t<div class=\"e-con-inner\">\n\t\t\t\t<div class=\"elementor-element elementor-element-9814578 elementor-widget elementor-widget-text-editor\" data-id=\"9814578\" data-element_type=\"widget\" data-e-type=\"widget\" data-widget_type=\"text-editor.default\">\n\t\t\t\t<div class=\"elementor-widget-container\">\n\t\t\t\t\t\t\t\t\t<p style=\"text-align: justify;\"><span style=\"letter-spacing: 0em; color: rgb(102, 102, 102); font-family: &quot;Open Sans&quot;, sans-serif; font-size: 14px; text-align: start;\">Collection :&nbsp;<\/span><a title=\"D\u00e9tail de la collection\" href=\"https:\/\/www.editions-harmattan.fr\/index.asp?navig=catalogue&amp;obj=collection&amp;no=11\" style=\"letter-spacing: 0em; color: rgb(51, 122, 183); transition: all 0.3s ease 0s; font-family: &quot;Open Sans&quot;, sans-serif; font-size: 14px; text-align: start;\">Logiques sociales<\/a><span style=\"letter-spacing: 0em; color: rgb(102, 102, 102); font-family: &quot;Open Sans&quot;, sans-serif; font-size: 14px; text-align: start;\">&nbsp;&#8211; socio anthropo-logiques<\/span><br><\/p>\n<p style=\"text-align: justify;\"><span style=\"color: #666666; font-family: 'Open Sans', sans-serif; font-size: 14px;\">Une \u00e9tude sociologique sur le parcours biographique et cr\u00e9atif du danseur iranien Afshin Ghaffarian<\/span><\/p>\t\t\t\t\t\t\t\t<\/div>\n\t\t\t\t<\/div>\n\t\t\t\t<div class=\"elementor-element elementor-element-620dc07 elementor-widget elementor-widget-image-gallery\" data-id=\"620dc07\" data-element_type=\"widget\" data-e-type=\"widget\" data-widget_type=\"image-gallery.default\">\n\t\t\t\t<div class=\"elementor-widget-container\">\n\t\t\t\t\t\t\t<div class=\"elementor-image-gallery\">\n\t\t\t<div id='gallery-1' class='gallery galleryid-685 gallery-columns-2 gallery-size-full'><figure class='gallery-item'>\n\t\t\t<div class='gallery-icon portrait'>\n\t\t\t\t<a data-elementor-open-lightbox=\"yes\" data-elementor-lightbox-slideshow=\"620dc07\" data-elementor-lightbox-title=\"portrait-dun-danseur-633x1030\" data-e-action-hash=\"#elementor-action%3Aaction%3Dlightbox%26settings%3DeyJpZCI6Njg2LCJ1cmwiOiJodHRwczpcL1wvcmVmb3JtYW5jZXMuY29tXC9mclwvd3AtY29udGVudFwvdXBsb2Fkc1wvMjAyM1wvMDZcL3BvcnRyYWl0LWR1bi1kYW5zZXVyLTYzM3gxMDMwLTEuanBlZyIsInNsaWRlc2hvdyI6IjYyMGRjMDcifQ%3D%3D\" href='https:\/\/reformances.com\/fr\/wp-content\/uploads\/2023\/06\/portrait-dun-danseur-633x1030-1.jpeg'><img fetchpriority=\"high\" decoding=\"async\" width=\"633\" height=\"1030\" src=\"https:\/\/reformances.com\/fr\/wp-content\/uploads\/2023\/06\/portrait-dun-danseur-633x1030-1.jpeg\" class=\"attachment-full size-full\" alt=\"\" srcset=\"https:\/\/reformances.com\/fr\/wp-content\/uploads\/2023\/06\/portrait-dun-danseur-633x1030-1.jpeg 633w, https:\/\/reformances.com\/fr\/wp-content\/uploads\/2023\/06\/portrait-dun-danseur-633x1030-1-184x299.jpeg 184w, https:\/\/reformances.com\/fr\/wp-content\/uploads\/2023\/06\/portrait-dun-danseur-633x1030-1-629x1024.jpeg 629w, https:\/\/reformances.com\/fr\/wp-content\/uploads\/2023\/06\/portrait-dun-danseur-633x1030-1-300x488.jpeg 300w\" sizes=\"(max-width: 633px) 100vw, 633px\" \/><\/a>\n\t\t\t<\/div><\/figure><figure class='gallery-item'>\n\t\t\t<div class='gallery-icon portrait'>\n\t\t\t\t<a data-elementor-open-lightbox=\"yes\" data-elementor-lightbox-slideshow=\"620dc07\" data-elementor-lightbox-title=\"portrait-dun-danseur-verso-633x1030\" data-e-action-hash=\"#elementor-action%3Aaction%3Dlightbox%26settings%3DeyJpZCI6Njg5LCJ1cmwiOiJodHRwczpcL1wvcmVmb3JtYW5jZXMuY29tXC9mclwvd3AtY29udGVudFwvdXBsb2Fkc1wvMjAyM1wvMDZcL3BvcnRyYWl0LWR1bi1kYW5zZXVyLXZlcnNvLTYzM3gxMDMwLTEuanBlZyIsInNsaWRlc2hvdyI6IjYyMGRjMDcifQ%3D%3D\" href='https:\/\/reformances.com\/fr\/wp-content\/uploads\/2023\/06\/portrait-dun-danseur-verso-633x1030-1.jpeg'><img decoding=\"async\" width=\"633\" height=\"1030\" src=\"https:\/\/reformances.com\/fr\/wp-content\/uploads\/2023\/06\/portrait-dun-danseur-verso-633x1030-1.jpeg\" class=\"attachment-full size-full\" alt=\"\" srcset=\"https:\/\/reformances.com\/fr\/wp-content\/uploads\/2023\/06\/portrait-dun-danseur-verso-633x1030-1.jpeg 633w, https:\/\/reformances.com\/fr\/wp-content\/uploads\/2023\/06\/portrait-dun-danseur-verso-633x1030-1-184x299.jpeg 184w, https:\/\/reformances.com\/fr\/wp-content\/uploads\/2023\/06\/portrait-dun-danseur-verso-633x1030-1-629x1024.jpeg 629w, https:\/\/reformances.com\/fr\/wp-content\/uploads\/2023\/06\/portrait-dun-danseur-verso-633x1030-1-300x488.jpeg 300w\" sizes=\"(max-width: 633px) 100vw, 633px\" \/><\/a>\n\t\t\t<\/div><\/figure>\n\t\t<\/div>\n\t\t<\/div>\n\t\t\t\t\t\t<\/div>\n\t\t\t\t<\/div>\n\t\t\t\t\t<\/div>\n\t\t\t\t<\/div>\n\t\t<div class=\"elementor-element elementor-element-bf272bd e-flex e-con-boxed e-con e-parent\" data-id=\"bf272bd\" data-element_type=\"container\" data-e-type=\"container\">\n\t\t\t\t\t<div class=\"e-con-inner\">\n\t\t\t\t<div class=\"elementor-element elementor-element-f569ca4 elementor-button-success elementor-align-center elementor-widget elementor-widget-button\" data-id=\"f569ca4\" data-element_type=\"widget\" data-e-type=\"widget\" data-widget_type=\"button.default\">\n\t\t\t\t<div class=\"elementor-widget-container\">\n\t\t\t\t\t\t\t\t\t<div class=\"elementor-button-wrapper\">\n\t\t\t\t\t<a class=\"elementor-button elementor-button-link elementor-size-sm\" href=\"https:\/\/www.editions-harmattan.fr\/index.asp?navig=catalogue&#038;obj=numero&#038;no_revue=&#038;no=52346\">\n\t\t\t\t\t\t<span class=\"elementor-button-content-wrapper\">\n\t\t\t\t\t\t<span class=\"elementor-button-icon\">\n\t\t\t\t<i aria-hidden=\"true\" class=\"fas fa-shopping-basket\"><\/i>\t\t\t<\/span>\n\t\t\t\t\t\t\t\t\t<span class=\"elementor-button-text\">Commandez ce livre<\/span>\n\t\t\t\t\t<\/span>\n\t\t\t\t\t<\/a>\n\t\t\t\t<\/div>\n\t\t\t\t\t\t\t\t<\/div>\n\t\t\t\t<\/div>\n\t\t\t\t\t<\/div>\n\t\t\t\t<\/div>\n\t\t\t\t<\/div>\n\t\t","protected":false},"featured_media":686,"menu_order":0,"template":"","portfolio_categories":[54],"portfolio_tags":[],"class_list":["post-685","portfolio","type-portfolio","status-publish","has-post-thumbnail","hentry","portfolio_categories-livres"],"acf":[],"yoast_head":"<!-- This site is optimized with the Yoast SEO plugin v27.5 - https:\/\/yoast.com\/product\/yoast-seo-wordpress\/ -->\n<title>Portrait d&#039;un danseur en exil - R\u00e9formances | Afshin Ghaffarian<\/title>\n<meta name=\"robots\" content=\"index, follow, max-snippet:-1, max-image-preview:large, max-video-preview:-1\" \/>\n<link rel=\"canonical\" href=\"https:\/\/reformances.com\/fr\/portfolio-archive\/portrait-dun-danseur-en-exil\/\" \/>\n<meta property=\"og:locale\" content=\"fr_FR\" \/>\n<meta property=\"og:type\" content=\"article\" \/>\n<meta property=\"og:title\" content=\"Portrait d&#039;un danseur en exil - R\u00e9formances | Afshin Ghaffarian\" \/>\n<meta property=\"og:description\" content=\"Collection :&nbsp;Logiques sociales&nbsp;&#8211; socio anthropo-logiques Une \u00e9tude sociologique sur le parcours biographique et cr\u00e9atif du danseur iranien Afshin Ghaffarian Commandez...\" \/>\n<meta property=\"og:url\" content=\"https:\/\/reformances.com\/fr\/portfolio-archive\/portrait-dun-danseur-en-exil\/\" \/>\n<meta property=\"og:site_name\" content=\"R\u00e9formances | Afshin Ghaffarian\" \/>\n<meta property=\"article:publisher\" content=\"https:\/\/www.facebook.com\/a.ghaffarian\" \/>\n<meta property=\"article:modified_time\" content=\"2023-08-15T10:53:24+00:00\" \/>\n<meta property=\"og:image\" content=\"https:\/\/reformances.com\/fr\/wp-content\/uploads\/2023\/06\/portrait-dun-danseur-633x1030-1.jpeg\" \/>\n\t<meta property=\"og:image:width\" content=\"633\" \/>\n\t<meta property=\"og:image:height\" content=\"1030\" \/>\n\t<meta property=\"og:image:type\" content=\"image\/jpeg\" \/>\n<meta name=\"twitter:card\" content=\"summary_large_image\" \/>\n<meta name=\"twitter:site\" content=\"@AfshinGhafarian\" \/>\n<script type=\"application\/ld+json\" class=\"yoast-schema-graph\">{\"@context\":\"https:\\\/\\\/schema.org\",\"@graph\":[{\"@type\":\"WebPage\",\"@id\":\"https:\\\/\\\/reformances.com\\\/fr\\\/portfolio-archive\\\/portrait-dun-danseur-en-exil\\\/\",\"url\":\"https:\\\/\\\/reformances.com\\\/fr\\\/portfolio-archive\\\/portrait-dun-danseur-en-exil\\\/\",\"name\":\"Portrait d'un danseur en exil - R\u00e9formances | Afshin Ghaffarian\",\"isPartOf\":{\"@id\":\"https:\\\/\\\/reformances.com\\\/fr\\\/#website\"},\"primaryImageOfPage\":{\"@id\":\"https:\\\/\\\/reformances.com\\\/fr\\\/portfolio-archive\\\/portrait-dun-danseur-en-exil\\\/#primaryimage\"},\"image\":{\"@id\":\"https:\\\/\\\/reformances.com\\\/fr\\\/portfolio-archive\\\/portrait-dun-danseur-en-exil\\\/#primaryimage\"},\"thumbnailUrl\":\"https:\\\/\\\/reformances.com\\\/fr\\\/wp-content\\\/uploads\\\/2023\\\/06\\\/portrait-dun-danseur-633x1030-1.jpeg\",\"datePublished\":\"2023-06-23T11:34:17+00:00\",\"dateModified\":\"2023-08-15T10:53:24+00:00\",\"breadcrumb\":{\"@id\":\"https:\\\/\\\/reformances.com\\\/fr\\\/portfolio-archive\\\/portrait-dun-danseur-en-exil\\\/#breadcrumb\"},\"inLanguage\":\"fr-FR\",\"potentialAction\":[{\"@type\":\"ReadAction\",\"target\":[\"https:\\\/\\\/reformances.com\\\/fr\\\/portfolio-archive\\\/portrait-dun-danseur-en-exil\\\/\"]}]},{\"@type\":\"ImageObject\",\"inLanguage\":\"fr-FR\",\"@id\":\"https:\\\/\\\/reformances.com\\\/fr\\\/portfolio-archive\\\/portrait-dun-danseur-en-exil\\\/#primaryimage\",\"url\":\"https:\\\/\\\/reformances.com\\\/fr\\\/wp-content\\\/uploads\\\/2023\\\/06\\\/portrait-dun-danseur-633x1030-1.jpeg\",\"contentUrl\":\"https:\\\/\\\/reformances.com\\\/fr\\\/wp-content\\\/uploads\\\/2023\\\/06\\\/portrait-dun-danseur-633x1030-1.jpeg\",\"width\":633,\"height\":1030},{\"@type\":\"BreadcrumbList\",\"@id\":\"https:\\\/\\\/reformances.com\\\/fr\\\/portfolio-archive\\\/portrait-dun-danseur-en-exil\\\/#breadcrumb\",\"itemListElement\":[{\"@type\":\"ListItem\",\"position\":1,\"name\":\"Accueil\",\"item\":\"https:\\\/\\\/reformances.com\\\/fr\\\/\"},{\"@type\":\"ListItem\",\"position\":2,\"name\":\"Portfolio\",\"item\":\"https:\\\/\\\/reformances.com\\\/fr\\\/portfolio-archive\\\/\"},{\"@type\":\"ListItem\",\"position\":3,\"name\":\"Portrait d&#8217;un danseur en exil\"}]},{\"@type\":\"WebSite\",\"@id\":\"https:\\\/\\\/reformances.com\\\/fr\\\/#website\",\"url\":\"https:\\\/\\\/reformances.com\\\/fr\\\/\",\"name\":\"R\u00e9formances | Afshin Ghaffarian\",\"description\":\"danse | th\u00e9\u00e2tre\",\"publisher\":{\"@id\":\"https:\\\/\\\/reformances.com\\\/fr\\\/#\\\/schema\\\/person\\\/2314e7b83785831ca875e980b2d2366c\"},\"potentialAction\":[{\"@type\":\"SearchAction\",\"target\":{\"@type\":\"EntryPoint\",\"urlTemplate\":\"https:\\\/\\\/reformances.com\\\/fr\\\/?s={search_term_string}\"},\"query-input\":{\"@type\":\"PropertyValueSpecification\",\"valueRequired\":true,\"valueName\":\"search_term_string\"}}],\"inLanguage\":\"fr-FR\"},{\"@type\":[\"Person\",\"Organization\"],\"@id\":\"https:\\\/\\\/reformances.com\\\/fr\\\/#\\\/schema\\\/person\\\/2314e7b83785831ca875e980b2d2366c\",\"name\":\"afshin\",\"image\":{\"@type\":\"ImageObject\",\"inLanguage\":\"fr-FR\",\"@id\":\"https:\\\/\\\/reformances.com\\\/fr\\\/wp-content\\\/uploads\\\/2024\\\/03\\\/Reformances-e1687476443192-300x248-2.jpeg\",\"url\":\"https:\\\/\\\/reformances.com\\\/fr\\\/wp-content\\\/uploads\\\/2024\\\/03\\\/Reformances-e1687476443192-300x248-2.jpeg\",\"contentUrl\":\"https:\\\/\\\/reformances.com\\\/fr\\\/wp-content\\\/uploads\\\/2024\\\/03\\\/Reformances-e1687476443192-300x248-2.jpeg\",\"width\":696,\"height\":696,\"caption\":\"afshin\"},\"logo\":{\"@id\":\"https:\\\/\\\/reformances.com\\\/fr\\\/wp-content\\\/uploads\\\/2024\\\/03\\\/Reformances-e1687476443192-300x248-2.jpeg\"},\"description\":\"Afshin Ghaffarian est un chor\u00e9graphe, metteur en sc\u00e8ne, danseur et acteur iranien. Il est directeur de la compagnie des R\u00e9formances. \\\"Desert Dancer\\\" est un film de 2014 inspir\u00e9 de sa vie.\",\"sameAs\":[\"http:\\\/\\\/reformances.com\\\/fr\",\"https:\\\/\\\/www.facebook.com\\\/a.ghaffarian\",\"https:\\\/\\\/www.instagram.com\\\/afshinghaffarian\",\"https:\\\/\\\/www.linkedin.com\\\/in\\\/afshin-ghaffarian\\\/\",\"https:\\\/\\\/x.com\\\/AfshinGhafarian\",\"https:\\\/\\\/www.youtube.com\\\/user\\\/afshingh\",\"https:\\\/\\\/en.wikipedia.org\\\/wiki\\\/Afshin_Ghaffarian\"]}]}<\/script>\n<!-- \/ Yoast SEO plugin. -->","yoast_head_json":{"title":"Portrait d'un danseur en exil - R\u00e9formances | Afshin Ghaffarian","robots":{"index":"index","follow":"follow","max-snippet":"max-snippet:-1","max-image-preview":"max-image-preview:large","max-video-preview":"max-video-preview:-1"},"canonical":"https:\/\/reformances.com\/fr\/portfolio-archive\/portrait-dun-danseur-en-exil\/","og_locale":"fr_FR","og_type":"article","og_title":"Portrait d'un danseur en exil - R\u00e9formances | Afshin Ghaffarian","og_description":"Collection :&nbsp;Logiques sociales&nbsp;&#8211; socio anthropo-logiques Une \u00e9tude sociologique sur le parcours biographique et cr\u00e9atif du danseur iranien Afshin Ghaffarian Commandez...","og_url":"https:\/\/reformances.com\/fr\/portfolio-archive\/portrait-dun-danseur-en-exil\/","og_site_name":"R\u00e9formances | Afshin Ghaffarian","article_publisher":"https:\/\/www.facebook.com\/a.ghaffarian","article_modified_time":"2023-08-15T10:53:24+00:00","og_image":[{"width":633,"height":1030,"url":"https:\/\/reformances.com\/fr\/wp-content\/uploads\/2023\/06\/portrait-dun-danseur-633x1030-1.jpeg","type":"image\/jpeg"}],"twitter_card":"summary_large_image","twitter_site":"@AfshinGhafarian","schema":{"@context":"https:\/\/schema.org","@graph":[{"@type":"WebPage","@id":"https:\/\/reformances.com\/fr\/portfolio-archive\/portrait-dun-danseur-en-exil\/","url":"https:\/\/reformances.com\/fr\/portfolio-archive\/portrait-dun-danseur-en-exil\/","name":"Portrait d'un danseur en exil - R\u00e9formances | Afshin Ghaffarian","isPartOf":{"@id":"https:\/\/reformances.com\/fr\/#website"},"primaryImageOfPage":{"@id":"https:\/\/reformances.com\/fr\/portfolio-archive\/portrait-dun-danseur-en-exil\/#primaryimage"},"image":{"@id":"https:\/\/reformances.com\/fr\/portfolio-archive\/portrait-dun-danseur-en-exil\/#primaryimage"},"thumbnailUrl":"https:\/\/reformances.com\/fr\/wp-content\/uploads\/2023\/06\/portrait-dun-danseur-633x1030-1.jpeg","datePublished":"2023-06-23T11:34:17+00:00","dateModified":"2023-08-15T10:53:24+00:00","breadcrumb":{"@id":"https:\/\/reformances.com\/fr\/portfolio-archive\/portrait-dun-danseur-en-exil\/#breadcrumb"},"inLanguage":"fr-FR","potentialAction":[{"@type":"ReadAction","target":["https:\/\/reformances.com\/fr\/portfolio-archive\/portrait-dun-danseur-en-exil\/"]}]},{"@type":"ImageObject","inLanguage":"fr-FR","@id":"https:\/\/reformances.com\/fr\/portfolio-archive\/portrait-dun-danseur-en-exil\/#primaryimage","url":"https:\/\/reformances.com\/fr\/wp-content\/uploads\/2023\/06\/portrait-dun-danseur-633x1030-1.jpeg","contentUrl":"https:\/\/reformances.com\/fr\/wp-content\/uploads\/2023\/06\/portrait-dun-danseur-633x1030-1.jpeg","width":633,"height":1030},{"@type":"BreadcrumbList","@id":"https:\/\/reformances.com\/fr\/portfolio-archive\/portrait-dun-danseur-en-exil\/#breadcrumb","itemListElement":[{"@type":"ListItem","position":1,"name":"Accueil","item":"https:\/\/reformances.com\/fr\/"},{"@type":"ListItem","position":2,"name":"Portfolio","item":"https:\/\/reformances.com\/fr\/portfolio-archive\/"},{"@type":"ListItem","position":3,"name":"Portrait d&#8217;un danseur en exil"}]},{"@type":"WebSite","@id":"https:\/\/reformances.com\/fr\/#website","url":"https:\/\/reformances.com\/fr\/","name":"R\u00e9formances | Afshin Ghaffarian","description":"danse | th\u00e9\u00e2tre","publisher":{"@id":"https:\/\/reformances.com\/fr\/#\/schema\/person\/2314e7b83785831ca875e980b2d2366c"},"potentialAction":[{"@type":"SearchAction","target":{"@type":"EntryPoint","urlTemplate":"https:\/\/reformances.com\/fr\/?s={search_term_string}"},"query-input":{"@type":"PropertyValueSpecification","valueRequired":true,"valueName":"search_term_string"}}],"inLanguage":"fr-FR"},{"@type":["Person","Organization"],"@id":"https:\/\/reformances.com\/fr\/#\/schema\/person\/2314e7b83785831ca875e980b2d2366c","name":"afshin","image":{"@type":"ImageObject","inLanguage":"fr-FR","@id":"https:\/\/reformances.com\/fr\/wp-content\/uploads\/2024\/03\/Reformances-e1687476443192-300x248-2.jpeg","url":"https:\/\/reformances.com\/fr\/wp-content\/uploads\/2024\/03\/Reformances-e1687476443192-300x248-2.jpeg","contentUrl":"https:\/\/reformances.com\/fr\/wp-content\/uploads\/2024\/03\/Reformances-e1687476443192-300x248-2.jpeg","width":696,"height":696,"caption":"afshin"},"logo":{"@id":"https:\/\/reformances.com\/fr\/wp-content\/uploads\/2024\/03\/Reformances-e1687476443192-300x248-2.jpeg"},"description":"Afshin Ghaffarian est un chor\u00e9graphe, metteur en sc\u00e8ne, danseur et acteur iranien. Il est directeur de la compagnie des R\u00e9formances. \"Desert Dancer\" est un film de 2014 inspir\u00e9 de sa vie.","sameAs":["http:\/\/reformances.com\/fr","https:\/\/www.facebook.com\/a.ghaffarian","https:\/\/www.instagram.com\/afshinghaffarian","https:\/\/www.linkedin.com\/in\/afshin-ghaffarian\/","https:\/\/x.com\/AfshinGhafarian","https:\/\/www.youtube.com\/user\/afshingh","https:\/\/en.wikipedia.org\/wiki\/Afshin_Ghaffarian"]}]}},"_links":{"self":[{"href":"https:\/\/reformances.com\/fr\/wp-json\/wp\/v2\/portfolio\/685","targetHints":{"allow":["GET"]}}],"collection":[{"href":"https:\/\/reformances.com\/fr\/wp-json\/wp\/v2\/portfolio"}],"about":[{"href":"https:\/\/reformances.com\/fr\/wp-json\/wp\/v2\/types\/portfolio"}],"version-history":[{"count":25,"href":"https:\/\/reformances.com\/fr\/wp-json\/wp\/v2\/portfolio\/685\/revisions"}],"predecessor-version":[{"id":1310,"href":"https:\/\/reformances.com\/fr\/wp-json\/wp\/v2\/portfolio\/685\/revisions\/1310"}],"wp:featuredmedia":[{"embeddable":true,"href":"https:\/\/reformances.com\/fr\/wp-json\/wp\/v2\/media\/686"}],"wp:attachment":[{"href":"https:\/\/reformances.com\/fr\/wp-json\/wp\/v2\/media?parent=685"}],"wp:term":[{"taxonomy":"portfolio_categories","embeddable":true,"href":"https:\/\/reformances.com\/fr\/wp-json\/wp\/v2\/portfolio_categories?post=685"},{"taxonomy":"portfolio_tags","embeddable":true,"href":"https:\/\/reformances.com\/fr\/wp-json\/wp\/v2\/portfolio_tags?post=685"}],"curies":[{"name":"wp","href":"https:\/\/api.w.org\/{rel}","templated":true}]}}